{"id":8741,"date":"2025-04-14T12:29:43","date_gmt":"2025-04-14T11:29:43","guid":{"rendered":"https:\/\/www.elmadani.org\/fr\/?page_id=8741"},"modified":"2025-04-14T12:29:43","modified_gmt":"2025-04-14T11:29:43","slug":"articles-vedettes","status":"publish","type":"page","link":"https:\/\/www.elmadani.org\/fr\/articles-vedettes\/","title":{"rendered":"Articles vedettes"},"content":{"rendered":"<div class=\"pt-cv-wrapper\"><div class=\"pt-cv-view pt-cv-grid pt-cv-colsys\" id=\"pt-cv-view-7c08228blr\"><div data-id=\"pt-cv-page-1\" class=\"pt-cv-page\" data-cvc=\"2\"><div class=\"col-md-6 col-sm-12 col-xs-12 pt-cv-content-item pt-cv-1-col\" ><div class='pt-cv-ifield'><a href=\"https:\/\/www.elmadani.org\/fr\/editorial-du-n1-du-journal-le-jeune-musulman\/\" class=\"_self pt-cv-href-thumbnail pt-cv-thumb-default\" target=\"_self\" ><img loading=\"lazy\" decoding=\"async\" width=\"264\" height=\"300\" src=\"https:\/\/www.elmadani.org\/fr\/wp-content\/uploads\/Le-jeune-musulman-264x300.jpg\" class=\"pt-cv-thumbnail\" alt=\"\" srcset=\"https:\/\/www.elmadani.org\/fr\/wp-content\/uploads\/Le-jeune-musulman-264x300.jpg 264w, https:\/\/www.elmadani.org\/fr\/wp-content\/uploads\/Le-jeune-musulman-901x1024.jpg 901w, https:\/\/www.elmadani.org\/fr\/wp-content\/uploads\/Le-jeune-musulman-768x873.jpg 768w, https:\/\/www.elmadani.org\/fr\/wp-content\/uploads\/Le-jeune-musulman-1352x1536.jpg 1352w, https:\/\/www.elmadani.org\/fr\/wp-content\/uploads\/Le-jeune-musulman.jpg 1802w\" sizes=\"auto, (max-width: 264px) 100vw, 264px\" \/><\/a>\n<div class=\"pt-cv-taxoterm above_title\"><a href='https:\/\/www.elmadani.org\/fr\/category\/articles-de-ahmed-tewfik-el-madani\/' title='Articles de Ahmed Tewfik el Madani' class='pt-cv-tax-articles-de-ahmed-tewfik-el-madani'>Articles de Ahmed Tewfik el Madani<\/a><a href='https:\/\/www.elmadani.org\/fr\/category\/articles-vedettes\/' title='Articles vedettes' class='pt-cv-tax-articles-vedettes'>Articles vedettes<\/a><\/div>\n<h4 class=\"pt-cv-title\"><a href=\"https:\/\/www.elmadani.org\/fr\/editorial-du-n1-du-journal-le-jeune-musulman\/\" class=\"_self\" target=\"_self\" >Editorial du n\u00b01 du journal \u00ab\u00a0Le jeune musulman\u00a0\u00bb<\/a><\/h4>\n<div class=\"pt-cv-content\">Edit\u00e9 par l'Association des Oul\u00e9mas Musulmans Alg\u00e9riens Ecrit par Ahmed Tewfik el Madani Jeunes Musulmans Alg\u00e9riens ! Force ar\u00addente et ...<br \/><div class=\"pt-cv-rmwrap\"><a href=\"https:\/\/www.elmadani.org\/fr\/editorial-du-n1-du-journal-le-jeune-musulman\/\" class=\"_self pt-cv-readmore btn btn-success\" target=\"_self\">Lire La Suite\u2026<\/a><\/div><\/div><\/div><\/div>\n<div class=\"col-md-6 col-sm-12 col-xs-12 pt-cv-content-item pt-cv-1-col\" ><div class='pt-cv-ifield'><a href=\"https:\/\/www.elmadani.org\/fr\/il-y-a-quatre-vingt-ans-decedait-abdelhamid-benbadis\/\" class=\"_self pt-cv-href-thumbnail pt-cv-thumb-default\" target=\"_self\" ><img decoding=\"async\" src=\"https:\/\/www.elmadani.org\/fr\/wp-content\/plugins\/content-views-query-and-display-post-page\/public\/assets\/images\/default_image.png\" class=\"pt-cv-thumbnail cv-default-img\" alt=\"Il y a quatre-vingt-cinq ans d\u00e9c\u00e9dait AbdelHamid Benbadis !\" title=\"\" \/><\/a>\n<div class=\"pt-cv-taxoterm above_title\"><a href='https:\/\/www.elmadani.org\/fr\/tag\/abdou\/' title='abdou' class='pt-cv-tax-abdou'>abdou<\/a><a href='https:\/\/www.elmadani.org\/fr\/tag\/arselan\/' title='arselan' class='pt-cv-tax-arselan'>arselan<\/a><a href='https:\/\/www.elmadani.org\/fr\/category\/articles-vedettes\/' title='Articles vedettes' class='pt-cv-tax-articles-vedettes'>Articles vedettes<\/a><a href='https:\/\/www.elmadani.org\/fr\/tag\/attaturk\/' title='attat\u00fcrk' class='pt-cv-tax-attaturk'>attat\u00fcrk<\/a><a href='https:\/\/www.elmadani.org\/fr\/tag\/benbadis\/' title='benbadis' class='pt-cv-tax-benbadis'>benbadis<\/a><a href='https:\/\/www.elmadani.org\/fr\/tag\/france\/' title='france' class='pt-cv-tax-france'>france<\/a><a href='https:\/\/www.elmadani.org\/fr\/tag\/iqbal\/' title='iqbal' class='pt-cv-tax-iqbal'>iqbal<\/a><a href='https:\/\/www.elmadani.org\/fr\/tag\/juifs\/' title='juifs' class='pt-cv-tax-juifs'>juifs<\/a><a href='https:\/\/www.elmadani.org\/fr\/tag\/madani\/' title='madani' class='pt-cv-tax-madani'>madani<\/a><a href='https:\/\/www.elmadani.org\/fr\/tag\/mirante\/' title='mirante' class='pt-cv-tax-mirante'>mirante<\/a><a href='https:\/\/www.elmadani.org\/fr\/tag\/palestine\/' title='palestine' class='pt-cv-tax-palestine'>palestine<\/a><a href='https:\/\/www.elmadani.org\/fr\/category\/non-classe\/' title='Toutes cat\u00e9gories' class='pt-cv-tax-non-classe'>Toutes cat\u00e9gories<\/a><\/div>\n<h4 class=\"pt-cv-title\"><a href=\"https:\/\/www.elmadani.org\/fr\/il-y-a-quatre-vingt-ans-decedait-abdelhamid-benbadis\/\" class=\"_self\" target=\"_self\" >Il y a quatre-vingt-cinq ans d\u00e9c\u00e9dait AbdelHamid Benbadis !<\/a><\/h4>\n<div class=\"pt-cv-content\">Tous les Alg\u00e9riens connaissent \u2013vaguement- AbelHamid Benbadis pour \u00eatre le Pr\u00e9sident de l\u2019Association des Oulamas Musulmans Alg\u00e9riens. Pas grand-chose d\u2019autre ...<br \/><div class=\"pt-cv-rmwrap\"><a href=\"https:\/\/www.elmadani.org\/fr\/il-y-a-quatre-vingt-ans-decedait-abdelhamid-benbadis\/\" class=\"_self pt-cv-readmore btn btn-success\" target=\"_self\">Lire La Suite\u2026<\/a><\/div><\/div><\/div><\/div>\n<div class=\"col-md-6 col-sm-12 col-xs-12 pt-cv-content-item pt-cv-1-col\" ><div class='pt-cv-ifield'><a href=\"https:\/\/www.elmadani.org\/fr\/dans-le-sillage-de-la-palestine\/\" class=\"_self pt-cv-href-thumbnail pt-cv-thumb-default\" target=\"_self\" ><img loading=\"lazy\" decoding=\"async\" width=\"300\" height=\"190\" src=\"https:\/\/www.elmadani.org\/fr\/wp-content\/uploads\/album0001-1-300x190.jpg\" class=\"pt-cv-thumbnail\" alt=\"Discours d&#039;Ahmed Tefik el Madani probablement en Egypte suite \u00e0 l&#039;agression du trio France - Grande Bretagne - Isra\u00ebl sur le pays suite la nationalisation du canal de Suez\" srcset=\"https:\/\/www.elmadani.org\/fr\/wp-content\/uploads\/album0001-1-300x190.jpg 300w, https:\/\/www.elmadani.org\/fr\/wp-content\/uploads\/album0001-1-1024x647.jpg 1024w, https:\/\/www.elmadani.org\/fr\/wp-content\/uploads\/album0001-1-768x485.jpg 768w, https:\/\/www.elmadani.org\/fr\/wp-content\/uploads\/album0001-1-1536x971.jpg 1536w, https:\/\/www.elmadani.org\/fr\/wp-content\/uploads\/album0001-1-2048x1294.jpg 2048w\" sizes=\"auto, (max-width: 300px) 100vw, 300px\" \/><\/a>\n<div class=\"pt-cv-taxoterm above_title\"><a href='https:\/\/www.elmadani.org\/fr\/category\/articles-de-ahmed-tewfik-el-madani\/' title='Articles de Ahmed Tewfik el Madani' class='pt-cv-tax-articles-de-ahmed-tewfik-el-madani'>Articles de Ahmed Tewfik el Madani<\/a><a href='https:\/\/www.elmadani.org\/fr\/category\/articles-vedettes\/' title='Articles vedettes' class='pt-cv-tax-articles-vedettes'>Articles vedettes<\/a><a href='https:\/\/www.elmadani.org\/fr\/category\/articles-de-ahmed-tewfik-el-madani\/ech-chihab\/' title='Ech-Chihab' class='pt-cv-tax-ech-chihab'>Ech-Chihab<\/a><\/div>\n<h4 class=\"pt-cv-title\"><a href=\"https:\/\/www.elmadani.org\/fr\/dans-le-sillage-de-la-palestine\/\" class=\"_self\" target=\"_self\" >Dans le sillage de la Palestine (Vol. 2\/Art. 1)<\/a><\/h4>\n<div class=\"pt-cv-content\">Ahmed Toufiq Al-Madani Dans le sillage de la PalestineDeuxi\u00e8me partie1929 \u2013 1939 Volume 5, Partie 8, Septembre 1929En Palestine M ...<br \/><div class=\"pt-cv-rmwrap\"><a href=\"https:\/\/www.elmadani.org\/fr\/dans-le-sillage-de-la-palestine\/\" class=\"_self pt-cv-readmore btn btn-success\" target=\"_self\">Lire La Suite\u2026<\/a><\/div><\/div><\/div><\/div>\n<div class=\"col-md-6 col-sm-12 col-xs-12 pt-cv-content-item pt-cv-1-col\" ><div class='pt-cv-ifield'><a href=\"https:\/\/www.elmadani.org\/fr\/le-livre-de-lalgerie-best-seller-de-lannee-1932\/\" class=\"_self pt-cv-href-thumbnail pt-cv-thumb-default\" target=\"_self\" ><img loading=\"lazy\" decoding=\"async\" width=\"203\" height=\"300\" src=\"https:\/\/www.elmadani.org\/fr\/wp-content\/uploads\/LeLivreDeLAlgerie-203x300.png\" class=\"pt-cv-thumbnail\" alt=\"Photo noir et blanc de la couverture de la premi\u00e8re \u00e9dition du Livre de l&#039;Alg\u00e9rie r\u00e9alis\u00e9e par le grand miniaturiste Omar Racim\" srcset=\"https:\/\/www.elmadani.org\/fr\/wp-content\/uploads\/LeLivreDeLAlgerie-203x300.png 203w, https:\/\/www.elmadani.org\/fr\/wp-content\/uploads\/LeLivreDeLAlgerie-693x1024.png 693w, https:\/\/www.elmadani.org\/fr\/wp-content\/uploads\/LeLivreDeLAlgerie-768x1136.png 768w, https:\/\/www.elmadani.org\/fr\/wp-content\/uploads\/LeLivreDeLAlgerie-1039x1536.png 1039w, https:\/\/www.elmadani.org\/fr\/wp-content\/uploads\/LeLivreDeLAlgerie.png 1287w\" sizes=\"auto, (max-width: 203px) 100vw, 203px\" \/><\/a>\n<div class=\"pt-cv-taxoterm above_title\"><a href='https:\/\/www.elmadani.org\/fr\/category\/articles-vedettes\/' title='Articles vedettes' class='pt-cv-tax-articles-vedettes'>Articles vedettes<\/a><a href='https:\/\/www.elmadani.org\/fr\/category\/livres-dahmed-tewfik-el-madani\/le-livre-de-lalgerie\/' title='Le Livre de l&#039;Alg\u00e9rie' class='pt-cv-tax-le-livre-de-lalgerie'>Le Livre de l'Alg\u00e9rie<\/a><\/div>\n<h4 class=\"pt-cv-title\"><a href=\"https:\/\/www.elmadani.org\/fr\/le-livre-de-lalgerie-best-seller-de-lannee-1932\/\" class=\"_self\" target=\"_self\" >Le livre de l&rsquo;Alg\u00e9rie (Best seller de l&rsquo;ann\u00e9e 1932)<\/a><\/h4>\n<div class=\"pt-cv-content\">Je commence aujourd'hui la publication petit \u00e0 petit d'une traduction par mes soins des pages du livre de l'Alg\u00e9rie d'apr\u00e8s ...<br \/><div class=\"pt-cv-rmwrap\"><a href=\"https:\/\/www.elmadani.org\/fr\/le-livre-de-lalgerie-best-seller-de-lannee-1932\/\" class=\"_self pt-cv-readmore btn btn-success\" target=\"_self\">Lire La Suite\u2026<\/a><\/div><\/div><\/div><\/div>\n<div class=\"col-md-6 col-sm-12 col-xs-12 pt-cv-content-item pt-cv-1-col\" ><div class='pt-cv-ifield'><a href=\"https:\/\/www.elmadani.org\/fr\/biographie-dahmed-tewfik-el-madani-par-la-plume-de-son-fils-m-mohamed-islam-madani\/\" class=\"_self pt-cv-href-thumbnail pt-cv-thumb-default\" target=\"_self\" ><img loading=\"lazy\" decoding=\"async\" width=\"218\" height=\"300\" src=\"https:\/\/www.elmadani.org\/fr\/wp-content\/uploads\/cropped-Passeport-partie-haute-scaled-1-218x300.jpg\" class=\"pt-cv-thumbnail\" alt=\"Photo d&#039;Ahmed Tewfik el Madani sur un passeport ancien de\" srcset=\"https:\/\/www.elmadani.org\/fr\/wp-content\/uploads\/cropped-Passeport-partie-haute-scaled-1-218x300.jpg 218w, https:\/\/www.elmadani.org\/fr\/wp-content\/uploads\/cropped-Passeport-partie-haute-scaled-1-744x1024.jpg 744w, https:\/\/www.elmadani.org\/fr\/wp-content\/uploads\/cropped-Passeport-partie-haute-scaled-1-768x1057.jpg 768w, https:\/\/www.elmadani.org\/fr\/wp-content\/uploads\/cropped-Passeport-partie-haute-scaled-1-1116x1536.jpg 1116w, https:\/\/www.elmadani.org\/fr\/wp-content\/uploads\/cropped-Passeport-partie-haute-scaled-1-1488x2048.jpg 1488w, https:\/\/www.elmadani.org\/fr\/wp-content\/uploads\/cropped-Passeport-partie-haute-scaled-1.jpg 1860w\" sizes=\"auto, (max-width: 218px) 100vw, 218px\" \/><\/a>\n<div class=\"pt-cv-taxoterm above_title\"><a href='https:\/\/www.elmadani.org\/fr\/tag\/ahmed\/' title='Ahmed' class='pt-cv-tax-ahmed'>Ahmed<\/a><a href='https:\/\/www.elmadani.org\/fr\/category\/articles-vedettes\/' title='Articles vedettes' class='pt-cv-tax-articles-vedettes'>Articles vedettes<\/a><a href='https:\/\/www.elmadani.org\/fr\/tag\/madani\/' title='madani' class='pt-cv-tax-madani'>madani<\/a><a href='https:\/\/www.elmadani.org\/fr\/tag\/taoufik\/' title='taoufik' class='pt-cv-tax-taoufik'>taoufik<\/a><a href='https:\/\/www.elmadani.org\/fr\/category\/non-classe\/' title='Toutes cat\u00e9gories' class='pt-cv-tax-non-classe'>Toutes cat\u00e9gories<\/a><\/div>\n<h4 class=\"pt-cv-title\"><a href=\"https:\/\/www.elmadani.org\/fr\/biographie-dahmed-tewfik-el-madani-par-la-plume-de-son-fils-m-mohamed-islam-madani\/\" class=\"_self\" target=\"_self\" >Biographie d&rsquo;Ahmed Tewfik el-Madani par la plume de son fils, M. Mohamed Islam Madani<\/a><\/h4>\n<div class=\"pt-cv-content\">Lorsque le minist\u00e8re de la culture alg\u00e9rien a d\u00e9cid\u00e9 de publier l\u2019\u0153uvre compl\u00e8te de cheikh Ahmed Tewfik el-Madani, il a ...<br \/><div class=\"pt-cv-rmwrap\"><a href=\"https:\/\/www.elmadani.org\/fr\/biographie-dahmed-tewfik-el-madani-par-la-plume-de-son-fils-m-mohamed-islam-madani\/\" class=\"_self pt-cv-readmore btn btn-success\" target=\"_self\">Lire La Suite\u2026<\/a><\/div><\/div><\/div><\/div><\/div><\/div><\/div>\n","protected":false},"excerpt":{"rendered":"","protected":false},"author":1967,"featured_media":0,"parent":0,"menu_order":0,"comment_status":"closed","ping_status":"closed","template":"","meta":{"footnotes":""},"class_list":["post-8741","page","type-page","status-publish","hentry"],"_links":{"self":[{"href":"https:\/\/www.elmadani.org\/fr\/wp-json\/wp\/v2\/pages\/8741","targetHints":{"allow":["GET"]}}],"collection":[{"href":"https:\/\/www.elmadani.org\/fr\/wp-json\/wp\/v2\/pages"}],"about":[{"href":"https:\/\/www.elmadani.org\/fr\/wp-json\/wp\/v2\/types\/page"}],"author":[{"embeddable":true,"href":"https:\/\/www.elmadani.org\/fr\/wp-json\/wp\/v2\/users\/1967"}],"replies":[{"embeddable":true,"href":"https:\/\/www.elmadani.org\/fr\/wp-json\/wp\/v2\/comments?post=8741"}],"version-history":[{"count":1,"href":"https:\/\/www.elmadani.org\/fr\/wp-json\/wp\/v2\/pages\/8741\/revisions"}],"predecessor-version":[{"id":8745,"href":"https:\/\/www.elmadani.org\/fr\/wp-json\/wp\/v2\/pages\/8741\/revisions\/8745"}],"wp:attachment":[{"href":"https:\/\/www.elmadani.org\/fr\/wp-json\/wp\/v2\/media?parent=8741"}],"curies":[{"name":"wp","href":"https:\/\/api.w.org\/{rel}","templated":true}]}}